{"id":2612,"date":"2016-12-01T00:00:00","date_gmt":"2016-12-01T00:00:00","guid":{"rendered":"http:\/\/www.distrettoagrumidisicilia.it\/galerie-photos\/?lang=fr"},"modified":"2016-12-07T10:17:50","modified_gmt":"2016-12-07T10:17:50","slug":"galerie-photos","status":"publish","type":"page","link":"https:\/\/www.distrettoagrumidisicilia.it\/fr\/galerie-photos\/","title":{"rendered":"Galerie de photos"},"content":{"rendered":"<p class=\"abstract\">Une s\u00e9lection de photographies de le <strong>District Productif Agrumes de Sicile.<\/strong><\/p>\n\n<!-- Page-list plugin v.5.2 wordpress.org\/plugins\/page-list\/ -->\n<div class=\"page-list page-list-ext \">\n<div class=\"page-list-ext-item\"><div class=\"page-list-ext-image\"><a href=\"https:\/\/www.distrettoagrumidisicilia.it\/fr\/galerie-photos\/progetto-acqua-sicilia\/\" title=\"08\/10\/2020 - Progetto A.C.Q.U.A.\"><img src=\"https:\/\/www.distrettoagrumidisicilia.it\/wp-content\/uploads\/Progetto_ACQUA.jpg\" width=\"150\" alt=\"08\/10\/2020 - Progetto A.C.Q.U.A.\" \/><\/a><\/div> <h3 class=\"page-list-ext-title\"><a href=\"https:\/\/www.distrettoagrumidisicilia.it\/fr\/galerie-photos\/progetto-acqua-sicilia\/\" title=\"08\/10\/2020 - Progetto A.C.Q.U.A.\">08\/10\/2020 - Progetto A.C.Q.U.A.<\/a><\/h3><div class=\"page-list-ext-item-content\">\r\n\r\n<\/div><\/div>\n<div class=\"page-list-ext-item\"><div class=\"page-list-ext-image\"><a href=\"https:\/\/www.distrettoagrumidisicilia.it\/fr\/galerie-photos\/05082020-caltagirone\/\" title=\"05\/08\/2020 - Seconda tappa a Caltagirone. &quot;Bancarella&quot;  allestita con le eccellenze agrumicole siciliane all\u2019interno del progetto itinerante della Regione Siciliana, con la direzione creativa di Dolce&amp;Gabbana\"><img src=\"https:\/\/www.distrettoagrumidisicilia.it\/wp-content\/uploads\/Caltagirone_Devotion_05.08-85.jpg\" width=\"150\" alt=\"05\/08\/2020 - Seconda tappa a Caltagirone. &quot;Bancarella&quot;  allestita con le eccellenze agrumicole siciliane all\u2019interno del progetto itinerante della Regione Siciliana, con la direzione creativa di Dolce&amp;Gabbana\" \/><\/a><\/div> <h3 class=\"page-list-ext-title\"><a href=\"https:\/\/www.distrettoagrumidisicilia.it\/fr\/galerie-photos\/05082020-caltagirone\/\" title=\"05\/08\/2020 - Seconda tappa a Caltagirone. &quot;Bancarella&quot;  allestita con le eccellenze agrumicole siciliane all\u2019interno del progetto itinerante della Regione Siciliana, con la direzione creativa di Dolce&amp;Gabbana\">05\/08\/2020 - Seconda tappa a Caltagirone. \"Bancarella\"  allestita con le eccellenze agrumicole siciliane all\u2019interno del progetto itinerante della Regione Siciliana, con la direzione creativa di Dolce&Gabbana<\/a><\/h3><div class=\"page-list-ext-item-content\">\r\n\r\n\r\n\r\n\r\nGuarda il video!  \r\n<\/div><\/div>\n<div class=\"page-list-ext-item\"><div class=\"page-list-ext-image\"><a href=\"https:\/\/www.distrettoagrumidisicilia.it\/fr\/galerie-photos\/010820-siracusa-dolce-gabbana\/\" title=\"01\/08\/2020 - Prima tappa a Siracusa. &quot;Bancarella&quot;  allestita con le eccellenze agrumicole siciliane all\u2019interno del progetto itinerante della Regione Siciliana, con la direzione creativa di Dolce&amp;Gabbana\"><img src=\"https:\/\/www.distrettoagrumidisicilia.it\/wp-content\/uploads\/Devotion_DolceGabbana_Regione_Siciliana_Siracusa_1_Agosto_2020_DISTRETTI-11-1.jpg\" width=\"150\" alt=\"01\/08\/2020 - Prima tappa a Siracusa. &quot;Bancarella&quot;  allestita con le eccellenze agrumicole siciliane all\u2019interno del progetto itinerante della Regione Siciliana, con la direzione creativa di Dolce&amp;Gabbana\" \/><\/a><\/div> <h3 class=\"page-list-ext-title\"><a href=\"https:\/\/www.distrettoagrumidisicilia.it\/fr\/galerie-photos\/010820-siracusa-dolce-gabbana\/\" title=\"01\/08\/2020 - Prima tappa a Siracusa. &quot;Bancarella&quot;  allestita con le eccellenze agrumicole siciliane all\u2019interno del progetto itinerante della Regione Siciliana, con la direzione creativa di Dolce&amp;Gabbana\">01\/08\/2020 - Prima tappa a Siracusa. \"Bancarella\"  allestita con le eccellenze agrumicole siciliane all\u2019interno del progetto itinerante della Regione Siciliana, con la direzione creativa di Dolce&Gabbana<\/a><\/h3><div class=\"page-list-ext-item-content\">\r\n\r\n\r\n\r\n\r\nGuarda il video!  \r\n<\/div><\/div>\n<div class=\"page-list-ext-item\"><div class=\"page-list-ext-image\"><a href=\"https:\/\/www.distrettoagrumidisicilia.it\/fr\/galerie-photos\/seminario-blockchain-passaporto-digitale-filiera-agrumicola\/\" title=\"12\/06\/2020 - Seminario FAD &quot;Blockchain - Come creare un Passaporto Digitale per la Filiera agrumicola&quot;\"><img src=\"https:\/\/www.distrettoagrumidisicilia.it\/wp-content\/uploads\/seminario_FAD_Blockchain_12062020_1.jpg\" width=\"150\" alt=\"12\/06\/2020 - Seminario FAD &quot;Blockchain - Come creare un Passaporto Digitale per la Filiera agrumicola&quot;\" \/><\/a><\/div> <h3 class=\"page-list-ext-title\"><a href=\"https:\/\/www.distrettoagrumidisicilia.it\/fr\/galerie-photos\/seminario-blockchain-passaporto-digitale-filiera-agrumicola\/\" title=\"12\/06\/2020 - Seminario FAD &quot;Blockchain - Come creare un Passaporto Digitale per la Filiera agrumicola&quot;\">12\/06\/2020 - Seminario FAD \"Blockchain - Come creare un Passaporto Digitale per la Filiera agrumicola\"<\/a><\/h3><div class=\"page-list-ext-item-content\">\r\n\r\n<\/div><\/div>\n<div class=\"page-list-ext-item\"><div class=\"page-list-ext-image\"><a href=\"https:\/\/www.distrettoagrumidisicilia.it\/fr\/galerie-photos\/corso-fad-blockchain-2020\/\" title=\"Aprile-Luglio 2020 - Corso FAD &quot;Blockchain \u2013 Come creare un Passaporto Digitale per la Filiera agrumicola&quot;\"><img src=\"https:\/\/www.distrettoagrumidisicilia.it\/wp-content\/uploads\/corso_FAD_Blockchain_2020_1.jpg\" width=\"150\" alt=\"Aprile-Luglio 2020 - Corso FAD &quot;Blockchain \u2013 Come creare un Passaporto Digitale per la Filiera agrumicola&quot;\" \/><\/a><\/div> <h3 class=\"page-list-ext-title\"><a href=\"https:\/\/www.distrettoagrumidisicilia.it\/fr\/galerie-photos\/corso-fad-blockchain-2020\/\" title=\"Aprile-Luglio 2020 - Corso FAD &quot;Blockchain \u2013 Come creare un Passaporto Digitale per la Filiera agrumicola&quot;\">Aprile-Luglio 2020 - Corso FAD \"Blockchain \u2013 Come creare un Passaporto Digitale per la Filiera agrumicola\"<\/a><\/h3><div class=\"page-list-ext-item-content\">\r\n\r\n<\/div><\/div>\n<div class=\"page-list-ext-item\"><div class=\"page-list-ext-image\"><a href=\"https:\/\/www.distrettoagrumidisicilia.it\/fr\/galerie-photos\/febbraio-2020-corso-vie-della-zagara\/\" title=\"Febbraio 2020 - Corso &quot;Vie della Zagara&quot;\"><img src=\"\/wp-content\/uploads\/terza-lezione-pratica-corso-online.jpg\" width=\"150\" alt=\"Febbraio 2020 - Corso &quot;Vie della Zagara&quot;\" \/><\/a><\/div> <h3 class=\"page-list-ext-title\"><a href=\"https:\/\/www.distrettoagrumidisicilia.it\/fr\/galerie-photos\/febbraio-2020-corso-vie-della-zagara\/\" title=\"Febbraio 2020 - Corso &quot;Vie della Zagara&quot;\">Febbraio 2020 - Corso \"Vie della Zagara\"<\/a><\/h3><div class=\"page-list-ext-item-content\">\r\n\r\n<\/div><\/div>\n<div class=\"page-list-ext-item\"><div class=\"page-list-ext-image\"><a href=\"https:\/\/www.distrettoagrumidisicilia.it\/fr\/galerie-photos\/08072020-riconosciuti-13-distretti-produttivi\/\" title=\"08\/07\/2020 - Riconosciuti 13 Distretti Produttivi\"><img src=\"https:\/\/www.distrettoagrumidisicilia.it\/wp-content\/uploads\/Incontro_riconoscimenti_Distretti_Produttivi_08072020_03.jpeg\" width=\"150\" alt=\"08\/07\/2020 - Riconosciuti 13 Distretti Produttivi\" \/><\/a><\/div> <h3 class=\"page-list-ext-title\"><a href=\"https:\/\/www.distrettoagrumidisicilia.it\/fr\/galerie-photos\/08072020-riconosciuti-13-distretti-produttivi\/\" title=\"08\/07\/2020 - Riconosciuti 13 Distretti Produttivi\">08\/07\/2020 - Riconosciuti 13 Distretti Produttivi<\/a><\/h3><div class=\"page-list-ext-item-content\">\r\n\r\n<\/div><\/div>\n<div class=\"page-list-ext-item\"><div class=\"page-list-ext-image\"><a href=\"https:\/\/www.distrettoagrumidisicilia.it\/fr\/galerie-photos\/donazioni-covid-19\/\" title=\"10\/06\/2020 - Donazioni ospedaliere COVID-19\"><img src=\"https:\/\/www.distrettoagrumidisicilia.it\/wp-content\/uploads\/Donazioni_Conad_10062020_01.jpeg\" width=\"150\" alt=\"10\/06\/2020 - Donazioni ospedaliere COVID-19\" \/><\/a><\/div> <h3 class=\"page-list-ext-title\"><a href=\"https:\/\/www.distrettoagrumidisicilia.it\/fr\/galerie-photos\/donazioni-covid-19\/\" title=\"10\/06\/2020 - Donazioni ospedaliere COVID-19\">10\/06\/2020 - Donazioni ospedaliere COVID-19<\/a><\/h3><div class=\"page-list-ext-item-content\">\r\n\r\n<\/div><\/div>\n<div class=\"page-list-ext-item\"><div class=\"page-list-ext-image\"><a href=\"https:\/\/www.distrettoagrumidisicilia.it\/fr\/galerie-photos\/fruit-logistica-berlino-2020\/\" title=\"5-7\/02\/2020 - Fruit Logistica Berlino 2020\"><img src=\"https:\/\/www.distrettoagrumidisicilia.it\/wp-content\/uploads\/Fruit_Logistica_2020_04.jpg\" width=\"150\" alt=\"5-7\/02\/2020 - Fruit Logistica Berlino 2020\" \/><\/a><\/div> <h3 class=\"page-list-ext-title\"><a href=\"https:\/\/www.distrettoagrumidisicilia.it\/fr\/galerie-photos\/fruit-logistica-berlino-2020\/\" title=\"5-7\/02\/2020 - Fruit Logistica Berlino 2020\">5-7\/02\/2020 - Fruit Logistica Berlino 2020<\/a><\/h3><div class=\"page-list-ext-item-content\">Il Distretto Agrumi di Sicilia partecipa con uno stand collettivo promuovendo la filiera agrumicola di qualit\u00e0. \r\n\r\n\r\n<\/div><\/div>\n<div class=\"page-list-ext-item\"><div class=\"page-list-ext-image\"><a href=\"https:\/\/www.distrettoagrumidisicilia.it\/fr\/galerie-photos\/terza-edizione-progetto-social-farming3\/\" title=\"18\/12\/2019 - Terza edizione del progetto &quot;Social Farming 3&quot;\"><img src=\"\/wp-content\/uploads\/presentazione_Social_Farming3_04.jpg\" width=\"150\" alt=\"18\/12\/2019 - Terza edizione del progetto &quot;Social Farming 3&quot;\" \/><\/a><\/div> <h3 class=\"page-list-ext-title\"><a href=\"https:\/\/www.distrettoagrumidisicilia.it\/fr\/galerie-photos\/terza-edizione-progetto-social-farming3\/\" title=\"18\/12\/2019 - Terza edizione del progetto &quot;Social Farming 3&quot;\">18\/12\/2019 - Terza edizione del progetto \"Social Farming 3\"<\/a><\/h3><div class=\"page-list-ext-item-content\">\r\n\r\n<\/div><\/div>\n<div class=\"page-list-ext-item\"><div class=\"page-list-ext-image\"><a href=\"https:\/\/www.distrettoagrumidisicilia.it\/fr\/galerie-photos\/visita-beske-export-cina\/\" title=\"22\/11\/2019 - Visita importatore BESKE con aziende accreditate per l&#039;export in Cina\"><img src=\"\/wp-content\/uploads\/Beske_export_Cina_3.jpeg\" width=\"150\" alt=\"22\/11\/2019 - Visita importatore BESKE con aziende accreditate per l&#039;export in Cina\" \/><\/a><\/div> <h3 class=\"page-list-ext-title\"><a href=\"https:\/\/www.distrettoagrumidisicilia.it\/fr\/galerie-photos\/visita-beske-export-cina\/\" title=\"22\/11\/2019 - Visita importatore BESKE con aziende accreditate per l&#039;export in Cina\">22\/11\/2019 - Visita importatore BESKE con aziende accreditate per l'export in Cina<\/a><\/h3><div class=\"page-list-ext-item-content\">22 novembre 2019 \u2013 Catania \r\n\r\n\r\n<\/div><\/div>\n<div class=\"page-list-ext-item\"><div class=\"page-list-ext-image\"><a href=\"https:\/\/www.distrettoagrumidisicilia.it\/fr\/galerie-photos\/catania-rapporto-impatto-socio-economico-coca-cola-sicilia\/\" title=\"18\/11\/2019 - Presentazione a Catania del rapporto sull\u2019impatto socio-economico di Coca-Cola in Sicilia\"><img src=\"\/wp-content\/uploads\/impatto_socio-economico_CocaCola_Sicilia_01.jpg\" width=\"150\" alt=\"18\/11\/2019 - Presentazione a Catania del rapporto sull\u2019impatto socio-economico di Coca-Cola in Sicilia\" \/><\/a><\/div> <h3 class=\"page-list-ext-title\"><a href=\"https:\/\/www.distrettoagrumidisicilia.it\/fr\/galerie-photos\/catania-rapporto-impatto-socio-economico-coca-cola-sicilia\/\" title=\"18\/11\/2019 - Presentazione a Catania del rapporto sull\u2019impatto socio-economico di Coca-Cola in Sicilia\">18\/11\/2019 - Presentazione a Catania del rapporto sull\u2019impatto socio-economico di Coca-Cola in Sicilia<\/a><\/h3><div class=\"page-list-ext-item-content\">18 novembre 2019 - Catania \r\n\r\n\r\n<\/div><\/div>\n<div class=\"page-list-ext-item\"><div class=\"page-list-ext-image\"><a href=\"https:\/\/www.distrettoagrumidisicilia.it\/fr\/galerie-photos\/incontro-distretto-agrumi-assessorato\/\" title=\"04\/11\/2019 - Incontro del Distretto Agrumi con Assessorato Attivit\u00e0 Produttive\"><img src=\"\/wp-content\/uploads\/Incontro_Distretto_con_Assessorato_03.jpg\" width=\"150\" alt=\"04\/11\/2019 - Incontro del Distretto Agrumi con Assessorato Attivit\u00e0 Produttive\" \/><\/a><\/div> <h3 class=\"page-list-ext-title\"><a href=\"https:\/\/www.distrettoagrumidisicilia.it\/fr\/galerie-photos\/incontro-distretto-agrumi-assessorato\/\" title=\"04\/11\/2019 - Incontro del Distretto Agrumi con Assessorato Attivit\u00e0 Produttive\">04\/11\/2019 - Incontro del Distretto Agrumi con Assessorato Attivit\u00e0 Produttive<\/a><\/h3><div class=\"page-list-ext-item-content\">\r\n\r\n<\/div><\/div>\n<div class=\"page-list-ext-item\"><div class=\"page-list-ext-image\"><a href=\"https:\/\/www.distrettoagrumidisicilia.it\/fr\/galerie-photos\/incontro-farnesina-export-arance-cina\/\" title=\"29\/10\/2019 - Incontro al Farnesina su export arance in Cina\"><img src=\"\/wp-content\/uploads\/incontro_Farnesina_export_arance_Cina_02.jpeg\" width=\"150\" alt=\"29\/10\/2019 - Incontro al Farnesina su export arance in Cina\" \/><\/a><\/div> <h3 class=\"page-list-ext-title\"><a href=\"https:\/\/www.distrettoagrumidisicilia.it\/fr\/galerie-photos\/incontro-farnesina-export-arance-cina\/\" title=\"29\/10\/2019 - Incontro al Farnesina su export arance in Cina\">29\/10\/2019 - Incontro al Farnesina su export arance in Cina<\/a><\/h3><div class=\"page-list-ext-item-content\">\r\n\r\n<\/div><\/div>\n<div class=\"page-list-ext-item\"><div class=\"page-list-ext-image\"><a href=\"https:\/\/www.distrettoagrumidisicilia.it\/fr\/galerie-photos\/incontro-maas-export-agrumi-cina\/\" title=\"17\/09\/2019 - Incontro al Maas su export agrumi in Cina\"><img src=\"\/wp-content\/uploads\/incontro_Maas_export_agrumi_Cina_17092019_01.jpg\" width=\"150\" alt=\"17\/09\/2019 - Incontro al Maas su export agrumi in Cina\" \/><\/a><\/div> <h3 class=\"page-list-ext-title\"><a href=\"https:\/\/www.distrettoagrumidisicilia.it\/fr\/galerie-photos\/incontro-maas-export-agrumi-cina\/\" title=\"17\/09\/2019 - Incontro al Maas su export agrumi in Cina\">17\/09\/2019 - Incontro al Maas su export agrumi in Cina<\/a><\/h3><div class=\"page-list-ext-item-content\">\r\n\r\n<\/div><\/div>\n<div class=\"page-list-ext-item\"><div class=\"page-list-ext-image\"><a href=\"https:\/\/www.distrettoagrumidisicilia.it\/fr\/galerie-photos\/incontro-sottosegretario-pesce-distretto-agrumi\/\" title=\"08\/2019 - Incontro del sottosegretario Pesce con il Consiglio di Amministrazione del Distretto Agrumi\"><img src=\"\/wp-content\/uploads\/Incontro_Pesce_Distretto_Agrumi_02.jpg\" width=\"150\" alt=\"08\/2019 - Incontro del sottosegretario Pesce con il Consiglio di Amministrazione del Distretto Agrumi\" \/><\/a><\/div> <h3 class=\"page-list-ext-title\"><a href=\"https:\/\/www.distrettoagrumidisicilia.it\/fr\/galerie-photos\/incontro-sottosegretario-pesce-distretto-agrumi\/\" title=\"08\/2019 - Incontro del sottosegretario Pesce con il Consiglio di Amministrazione del Distretto Agrumi\">08\/2019 - Incontro del sottosegretario Pesce con il Consiglio di Amministrazione del Distretto Agrumi<\/a><\/h3><div class=\"page-list-ext-item-content\">\r\n\r\n<\/div><\/div>\n<div class=\"page-list-ext-item\"><div class=\"page-list-ext-image\"><a href=\"https:\/\/www.distrettoagrumidisicilia.it\/fr\/galerie-photos\/rete-cibo-sicilia\/\" title=\"07\/2019 - Rete C.I.B.O. di Sicilia\"><img src=\"\/wp-content\/uploads\/incontro_rete_C.I.B.O._Sicilia.jpg\" width=\"150\" alt=\"07\/2019 - Rete C.I.B.O. di Sicilia\" \/><\/a><\/div> <h3 class=\"page-list-ext-title\"><a href=\"https:\/\/www.distrettoagrumidisicilia.it\/fr\/galerie-photos\/rete-cibo-sicilia\/\" title=\"07\/2019 - Rete C.I.B.O. di Sicilia\">07\/2019 - Rete C.I.B.O. di Sicilia<\/a><\/h3><div class=\"page-list-ext-item-content\">\r\n<\/div><\/div>\n<div class=\"page-list-ext-item\"><div class=\"page-list-ext-image\"><a href=\"https:\/\/www.distrettoagrumidisicilia.it\/fr\/galerie-photos\/tuttofood-milano\/\" title=\"06-09\/05\/2019 - Presentata a Tuttofood la Fanta con succo di Arancia Rossa di Sicilia IGP\"><img src=\"https:\/\/www.distrettoagrumidisicilia.it\/wp-content\/uploads\/Tuttofood_Arancia_IGP_06052019_05.jpg\" width=\"150\" alt=\"06-09\/05\/2019 - Presentata a Tuttofood la Fanta con succo di Arancia Rossa di Sicilia IGP\" \/><\/a><\/div> <h3 class=\"page-list-ext-title\"><a href=\"https:\/\/www.distrettoagrumidisicilia.it\/fr\/galerie-photos\/tuttofood-milano\/\" title=\"06-09\/05\/2019 - Presentata a Tuttofood la Fanta con succo di Arancia Rossa di Sicilia IGP\">06-09\/05\/2019 - Presentata a Tuttofood la Fanta con succo di Arancia Rossa di Sicilia IGP<\/a><\/h3><div class=\"page-list-ext-item-content\">Milano \r\n\r\n\r\n<\/div><\/div>\n<div class=\"page-list-ext-item\"><div class=\"page-list-ext-image\"><a href=\"https:\/\/www.distrettoagrumidisicilia.it\/fr\/galerie-photos\/seminaire-politique-marques-qualite-syracuse-2016\/\" title=\"29\/07\/2016 - S\u00e9minaire &#039;La politique des marques de qualit\u00e9&#039; - Syracuse\"><img src=\"https:\/\/www.distrettoagrumidisicilia.it\/wp-content\/uploads\/politica_marchi_qualita_siracusa_011280.jpg\" width=\"150\" alt=\"29\/07\/2016 - S\u00e9minaire &#039;La politique des marques de qualit\u00e9&#039; - Syracuse\" \/><\/a><\/div> <h3 class=\"page-list-ext-title\"><a href=\"https:\/\/www.distrettoagrumidisicilia.it\/fr\/galerie-photos\/seminaire-politique-marques-qualite-syracuse-2016\/\" title=\"29\/07\/2016 - S\u00e9minaire &#039;La politique des marques de qualit\u00e9&#039; - Syracuse\">29\/07\/2016 - S\u00e9minaire 'La politique des marques de qualit\u00e9' - Syracuse<\/a><\/h3><div class=\"page-list-ext-item-content\">Une s\u00e9lection de photographies du district de production d'agrumes de Sicile , section &quot;29\/07\/2016 - S\u00e9minaire 'La politique des marques de qualit\u00e9' - Syracuse &quot; \r\n\r\n\r\n<\/div><\/div>\n<div class=\"page-list-ext-item\"><div class=\"page-list-ext-image\"><a href=\"https:\/\/www.distrettoagrumidisicilia.it\/fr\/galerie-photos\/cours-techniques-culture-bosquet-agrumes-ribera-2016\/\" title=\"25\/06\/2016 - Cours &#039;Techniques de culture d&#039;un bosquet d&#039;agrumes&#039; - Ribera\"><img src=\"https:\/\/www.distrettoagrumidisicilia.it\/wp-content\/uploads\/tecniche_agrumeto_ribera_016629.jpg\" width=\"150\" alt=\"25\/06\/2016 - Cours &#039;Techniques de culture d&#039;un bosquet d&#039;agrumes&#039; - Ribera\" \/><\/a><\/div> <h3 class=\"page-list-ext-title\"><a href=\"https:\/\/www.distrettoagrumidisicilia.it\/fr\/galerie-photos\/cours-techniques-culture-bosquet-agrumes-ribera-2016\/\" title=\"25\/06\/2016 - Cours &#039;Techniques de culture d&#039;un bosquet d&#039;agrumes&#039; - Ribera\">25\/06\/2016 - Cours 'Techniques de culture d'un bosquet d'agrumes' - Ribera<\/a><\/h3><div class=\"page-list-ext-item-content\">Une s\u00e9lection de photographies du district de production d'agrumes de Sicile, section &quot;25\/06\/2016 - Cours 'Techniques de culture d'une plantation d'agrumes' - Ribera&quot; \r\n\r\n\r\n<\/div><\/div>\n<div class=\"page-list-ext-item\"><div class=\"page-list-ext-image\"><a href=\"https:\/\/www.distrettoagrumidisicilia.it\/fr\/galerie-photos\/cours-techniques-de-culture-plantation-agrumes-catane-2016\/\" title=\"16\/06\/2016 - Cours &#039;Techniques de culture d&#039;une plantation d&#039;agrumes&#039; - Catane\"><img src=\"https:\/\/www.distrettoagrumidisicilia.it\/wp-content\/uploads\/tecniche_agrumeto_catania_014598.jpg\" width=\"150\" alt=\"16\/06\/2016 - Cours &#039;Techniques de culture d&#039;une plantation d&#039;agrumes&#039; - Catane\" \/><\/a><\/div> <h3 class=\"page-list-ext-title\"><a href=\"https:\/\/www.distrettoagrumidisicilia.it\/fr\/galerie-photos\/cours-techniques-de-culture-plantation-agrumes-catane-2016\/\" title=\"16\/06\/2016 - Cours &#039;Techniques de culture d&#039;une plantation d&#039;agrumes&#039; - Catane\">16\/06\/2016 - Cours 'Techniques de culture d'une plantation d'agrumes' - Catane<\/a><\/h3><div class=\"page-list-ext-item-content\">Une s\u00e9lection de photographies du district de production d'agrumes de Sicile , section &quot;16\/06\/2016 - Cours 'Techniques de culture d'une plantation d'agrumes' - Catane&quot; . \r\n\r\n\r\n<\/div><\/div>\n<div class=\"page-list-ext-item\"><div class=\"page-list-ext-image\"><a href=\"https:\/\/www.distrettoagrumidisicilia.it\/fr\/galerie-photos\/seminaire-responsabilite-sociale-des-entreprises-2016\/\" title=\"26\/05\/2016 - S\u00e9minaire &#039;Responsabilit\u00e9 sociale des entreprises&#039;\"><img src=\"https:\/\/www.distrettoagrumidisicilia.it\/wp-content\/uploads\/responsabilita-sociale-impresa_01733.jpg\" width=\"150\" alt=\"26\/05\/2016 - S\u00e9minaire &#039;Responsabilit\u00e9 sociale des entreprises&#039;\" \/><\/a><\/div> <h3 class=\"page-list-ext-title\"><a href=\"https:\/\/www.distrettoagrumidisicilia.it\/fr\/galerie-photos\/seminaire-responsabilite-sociale-des-entreprises-2016\/\" title=\"26\/05\/2016 - S\u00e9minaire &#039;Responsabilit\u00e9 sociale des entreprises&#039;\">26\/05\/2016 - S\u00e9minaire 'Responsabilit\u00e9 sociale des entreprises'<\/a><\/h3><div class=\"page-list-ext-item-content\">Une s\u00e9lection de photographies du district de production d'agrumes de Sicile , section &quot;26\/05\/2016 - S\u00e9minair 'Responsabilit\u00e9 sociale des entreprises' &quot; \r\n\r\n\r\n<\/div><\/div>\n<div class=\"page-list-ext-item\"><div class=\"page-list-ext-image\"><a href=\"https:\/\/www.distrettoagrumidisicilia.it\/fr\/galerie-photos\/expo-milano-2015\/\" title=\"26\/10\/2015 - Expo Milano 2015\"><img src=\"https:\/\/www.distrettoagrumidisicilia.it\/wp-content\/uploads\/distretto-agrumi-expo2015_016267.jpg\" width=\"150\" alt=\"26\/10\/2015 - Expo Milano 2015\" \/><\/a><\/div> <h3 class=\"page-list-ext-title\"><a href=\"https:\/\/www.distrettoagrumidisicilia.it\/fr\/galerie-photos\/expo-milano-2015\/\" title=\"26\/10\/2015 - Expo Milano 2015\">26\/10\/2015 - Expo Milano 2015<\/a><\/h3><div class=\"page-list-ext-item-content\">Une s\u00e9lection de photographies du district sicilien de production d'agrumes, section &quot;Expo Milano 2015&quot; \r\n\r\n\r\n<\/div><\/div>\n<div class=\"page-list-ext-item\"><div class=\"page-list-ext-image\"><a href=\"https:\/\/www.distrettoagrumidisicilia.it\/fr\/galerie-photos\/atelier-dans-les-rues-de-zagara-agrumes-rome\/\" title=\"30\/09\/2015 - Atelier &#039;Dans les rues de Zagara pour d\u00e9couvrir la cha\u00eene d&#039;approvisionnement sicilienne de qualit\u00e9 des agrumes&#039; \u00e0 Rome\"><img src=\"https:\/\/www.distrettoagrumidisicilia.it\/wp-content\/uploads\/workshop-roma_3009_013664.jpg\" width=\"150\" alt=\"30\/09\/2015 - Atelier &#039;Dans les rues de Zagara pour d\u00e9couvrir la cha\u00eene d&#039;approvisionnement sicilienne de qualit\u00e9 des agrumes&#039; \u00e0 Rome\" \/><\/a><\/div> <h3 class=\"page-list-ext-title\"><a href=\"https:\/\/www.distrettoagrumidisicilia.it\/fr\/galerie-photos\/atelier-dans-les-rues-de-zagara-agrumes-rome\/\" title=\"30\/09\/2015 - Atelier &#039;Dans les rues de Zagara pour d\u00e9couvrir la cha\u00eene d&#039;approvisionnement sicilienne de qualit\u00e9 des agrumes&#039; \u00e0 Rome\">30\/09\/2015 - Atelier 'Dans les rues de Zagara pour d\u00e9couvrir la cha\u00eene d'approvisionnement sicilienne de qualit\u00e9 des agrumes' \u00e0 Rome<\/a><\/h3><div class=\"page-list-ext-item-content\">Une s\u00e9lection de photographies du district de production d'agrumes de Sicile , section &quot;Atelier 'Le long des rues de Zagara, d\u00e9couvrez la cha\u00eene d'approvisionnement sicilienne de qualit\u00e9 ' \u00e0 Rome - 30\/09\/2015&quot;. \r\n\r\n\r\n<\/div><\/div>\n<div class=\"page-list-ext-item\"><div class=\"page-list-ext-image\"><a href=\"https:\/\/www.distrettoagrumidisicilia.it\/fr\/galerie-photos\/atelier-les-fruits-de-la-sante-syracuse-2015\/\" title=\"28\/05\/2015 - Atelier &#039;Les fruits de la sant\u00e9&#039; \u00e0 Syracuse\"><img src=\"https:\/\/www.distrettoagrumidisicilia.it\/wp-content\/uploads\/1.-ws-sr-foyer4811.jpg\" width=\"150\" alt=\"28\/05\/2015 - Atelier &#039;Les fruits de la sant\u00e9&#039; \u00e0 Syracuse\" \/><\/a><\/div> <h3 class=\"page-list-ext-title\"><a href=\"https:\/\/www.distrettoagrumidisicilia.it\/fr\/galerie-photos\/atelier-les-fruits-de-la-sante-syracuse-2015\/\" title=\"28\/05\/2015 - Atelier &#039;Les fruits de la sant\u00e9&#039; \u00e0 Syracuse\">28\/05\/2015 - Atelier 'Les fruits de la sant\u00e9' \u00e0 Syracuse<\/a><\/h3><div class=\"page-list-ext-item-content\">Une s\u00e9lection de photographies du district de production d'agrumes de Sicile , section &quot;Atelier 'Les fruits de la sant\u00e9' \u00e0 Syracuse - 28\/05\/2015 &quot; \r\n\r\n\r\n<\/div><\/div>\n<div class=\"page-list-ext-item\"><div class=\"page-list-ext-image\"><a href=\"https:\/\/www.distrettoagrumidisicilia.it\/fr\/galerie-photos\/visite-pedagogique-les-rues-de-zagara-2015\/\" title=\"14-17\/04\/2015 - Visite p\u00e9dagogique &#039;Les rues de Zagara&#039;\"><img src=\"https:\/\/www.distrettoagrumidisicilia.it\/wp-content\/uploads\/educational-tour-sicilia_01564.jpg\" width=\"150\" alt=\"14-17\/04\/2015 - Visite p\u00e9dagogique &#039;Les rues de Zagara&#039;\" \/><\/a><\/div> <h3 class=\"page-list-ext-title\"><a href=\"https:\/\/www.distrettoagrumidisicilia.it\/fr\/galerie-photos\/visite-pedagogique-les-rues-de-zagara-2015\/\" title=\"14-17\/04\/2015 - Visite p\u00e9dagogique &#039;Les rues de Zagara&#039;\">14-17\/04\/2015 - Visite p\u00e9dagogique 'Les rues de Zagara'<\/a><\/h3><div class=\"page-list-ext-item-content\">Une s\u00e9lection de photographies du district de production d'agrumes de Sicile , \"Visite \u00e9ducative 'Le Vie della Zagara' - 14\/17 avril 2015 \". \r\n\r\nTreize journalistes internationaux, experts en style de vie, produits alimentaires et agro-alimentaires e...<\/div><\/div>\n<div class=\"page-list-ext-item\"><div class=\"page-list-ext-image\"><a href=\"https:\/\/www.distrettoagrumidisicilia.it\/fr\/galerie-photos\/presentation-du-projet-pastazzo-2015\/\" title=\"10\/04\/2015 - Pr\u00e9sentation du projet Pastazzo\"><img src=\"https:\/\/www.distrettoagrumidisicilia.it\/wp-content\/uploads\/presentazione-progetto-pastazzo7398.jpg\" width=\"150\" alt=\"10\/04\/2015 - Pr\u00e9sentation du projet Pastazzo\" \/><\/a><\/div> <h3 class=\"page-list-ext-title\"><a href=\"https:\/\/www.distrettoagrumidisicilia.it\/fr\/galerie-photos\/presentation-du-projet-pastazzo-2015\/\" title=\"10\/04\/2015 - Pr\u00e9sentation du projet Pastazzo\">10\/04\/2015 - Pr\u00e9sentation du projet Pastazzo<\/a><\/h3><div class=\"page-list-ext-item-content\">Une s\u00e9lection de photographies du district de production d'agrumes de Sicile , section \"Pr\u00e9sentation du projet Pastazzo - 10 avril 2015 \". \r\n\r\nEn Sicile, une usine pilote transforme les d\u00e9chets d'agrumes en \u00e9lectricit\u00e9 et en m\u00e9thane. Une op\u00e9ration financ...<\/div><\/div>\n<div class=\"page-list-ext-item\"><div class=\"page-list-ext-image\"><a href=\"https:\/\/www.distrettoagrumidisicilia.it\/fr\/galerie-photos\/atelier-igp-et-aop-citrus-brescia\/\" title=\"27\/03\/2015 - Atelier &#039;IGP et AOP citrus&#039; \u00e0 Brescia\"><img src=\"https:\/\/www.distrettoagrumidisicilia.it\/wp-content\/uploads\/agrumi-siciliani-brescia_014098.jpg\" width=\"150\" alt=\"27\/03\/2015 - Atelier &#039;IGP et AOP citrus&#039; \u00e0 Brescia\" \/><\/a><\/div> <h3 class=\"page-list-ext-title\"><a href=\"https:\/\/www.distrettoagrumidisicilia.it\/fr\/galerie-photos\/atelier-igp-et-aop-citrus-brescia\/\" title=\"27\/03\/2015 - Atelier &#039;IGP et AOP citrus&#039; \u00e0 Brescia\">27\/03\/2015 - Atelier 'IGP et AOP citrus' \u00e0 Brescia<\/a><\/h3><div class=\"page-list-ext-item-content\">Une s\u00e9lection de photographies du district de production d'agrumes de Sicile , section &quot;Atelier Agrumi IGP et AOP\" \u00e0 Brescia - 27\/03\/2015 &quot;. \r\n\r\n\r\n<\/div><\/div>\n<div class=\"page-list-ext-item\"><div class=\"page-list-ext-image\"><a href=\"https:\/\/www.distrettoagrumidisicilia.it\/fr\/galerie-photos\/projet-pulp-agrumes\/\" title=\"29\/07\/2014 - Projet de Pulp d&#039;agrumes - Conf\u00e9rence de presse 2014\"><img src=\"https:\/\/www.distrettoagrumidisicilia.it\/wp-content\/uploads\/conferenza-progetto-pastazzo_138657.jpg\" width=\"150\" alt=\"29\/07\/2014 - Projet de Pulp d&#039;agrumes - Conf\u00e9rence de presse 2014\" \/><\/a><\/div> <h3 class=\"page-list-ext-title\"><a href=\"https:\/\/www.distrettoagrumidisicilia.it\/fr\/galerie-photos\/projet-pulp-agrumes\/\" title=\"29\/07\/2014 - Projet de Pulp d&#039;agrumes - Conf\u00e9rence de presse 2014\">29\/07\/2014 - Projet de Pulp d'agrumes - Conf\u00e9rence de presse 2014<\/a><\/h3><div class=\"page-list-ext-item-content\">Une s\u00e9lection de photographies de le District Productif Agrumes de Sicile, la section \"projet de Pulp d'agrumes - Conf\u00e9rence de presse 2014\". \r\n\r\n\r\n<\/div><\/div>\n<div class=\"page-list-ext-item\"><div class=\"page-list-ext-image\"><a href=\"https:\/\/www.distrettoagrumidisicilia.it\/fr\/galerie-photos\/reunion-mise\/\" title=\"R\u00e9union de MISE le 28 Juillet 2014 \u00e0 Catania\"><img src=\"https:\/\/www.distrettoagrumidisicilia.it\/wp-content\/uploads\/incontro-mise-catania_2807201401691.jpg\" width=\"150\" alt=\"R\u00e9union de MISE le 28 Juillet 2014 \u00e0 Catania\" \/><\/a><\/div> <h3 class=\"page-list-ext-title\"><a href=\"https:\/\/www.distrettoagrumidisicilia.it\/fr\/galerie-photos\/reunion-mise\/\" title=\"R\u00e9union de MISE le 28 Juillet 2014 \u00e0 Catania\">R\u00e9union de MISE le 28 Juillet 2014 \u00e0 Catania<\/a><\/h3><div class=\"page-list-ext-item-content\">Une s\u00e9lection de photographies de le District Productif Agrumes de Sicile, la section \"R\u00e9union de MISE le 28 Juillet 2014 \u00e0 Catania\". \r\n\r\n\r\n<\/div><\/div>\n<div class=\"page-list-ext-item\"><div class=\"page-list-ext-image\"><a href=\"https:\/\/www.distrettoagrumidisicilia.it\/fr\/galerie-photos\/interfood-2014-saint-petersbourg\/\" title=\"Interfood en 2014 \u00e0 Saint-P\u00e9tersbourg\"><img src=\"https:\/\/www.distrettoagrumidisicilia.it\/wp-content\/uploads\/interfood-sanpietroburgo_2014_011655.jpg\" width=\"150\" alt=\"Interfood en 2014 \u00e0 Saint-P\u00e9tersbourg\" \/><\/a><\/div> <h3 class=\"page-list-ext-title\"><a href=\"https:\/\/www.distrettoagrumidisicilia.it\/fr\/galerie-photos\/interfood-2014-saint-petersbourg\/\" title=\"Interfood en 2014 \u00e0 Saint-P\u00e9tersbourg\">Interfood en 2014 \u00e0 Saint-P\u00e9tersbourg<\/a><\/h3><div class=\"page-list-ext-item-content\">Une s\u00e9lection de photographies de le District Productif Agrumes de Sicile , la section \"Interfood en 2014 \u00e0 Saint-P\u00e9tersbourg \". \r\n\r\n\r\n<\/div><\/div>\n<div class=\"page-list-ext-item\"><div class=\"page-list-ext-image\"><a href=\"https:\/\/www.distrettoagrumidisicilia.it\/fr\/galerie-photos\/macfrut-2013\/\" title=\"Macfrut 2013\"><img src=\"https:\/\/www.distrettoagrumidisicilia.it\/wp-content\/uploads\/macfrut-cesena_2011_012635.jpg\" width=\"150\" alt=\"Macfrut 2013\" \/><\/a><\/div> <h3 class=\"page-list-ext-title\"><a href=\"https:\/\/www.distrettoagrumidisicilia.it\/fr\/galerie-photos\/macfrut-2013\/\" title=\"Macfrut 2013\">Macfrut 2013<\/a><\/h3><div class=\"page-list-ext-item-content\">Une s\u00e9lection de photographies de le District Productif Agrumes de Sicile, la section \"Macfrut 2013\". \r\n\r\n\r\n<\/div><\/div>\n<div class=\"page-list-ext-item\"><div class=\"page-list-ext-image\"><a href=\"https:\/\/www.distrettoagrumidisicilia.it\/fr\/galerie-photos\/salon-fruit-logistica-2013\/\" title=\"Salon &#039;Fruit Logistica&#039; en 2013 \u00e0 Berlin\"><img src=\"https:\/\/www.distrettoagrumidisicilia.it\/wp-content\/uploads\/fruit-logistica-berlino_2013_016670.jpg\" width=\"150\" alt=\"Salon &#039;Fruit Logistica&#039; en 2013 \u00e0 Berlin\" \/><\/a><\/div> <h3 class=\"page-list-ext-title\"><a href=\"https:\/\/www.distrettoagrumidisicilia.it\/fr\/galerie-photos\/salon-fruit-logistica-2013\/\" title=\"Salon &#039;Fruit Logistica&#039; en 2013 \u00e0 Berlin\">Salon 'Fruit Logistica' en 2013 \u00e0 Berlin<\/a><\/h3><div class=\"page-list-ext-item-content\">Une s\u00e9lection de photographies de le District Productif Agrumes de Sicile, la section \"Salon 'Fruit Logistica' en 2013 \u00e0 Berlin\". \r\n\r\n\r\n<\/div><\/div>\n<div class=\"page-list-ext-item\"><div class=\"page-list-ext-image\"><a href=\"https:\/\/www.distrettoagrumidisicilia.it\/fr\/galerie-photos\/blue-sea-land-2013\/\" title=\"Blue Sea Land en 2013 \u00e0 Mazara del Vallo\"><img src=\"https:\/\/www.distrettoagrumidisicilia.it\/wp-content\/uploads\/blue-sea-mazaradelvallo_2013_01746.jpg\" width=\"150\" alt=\"Blue Sea Land en 2013 \u00e0 Mazara del Vallo\" \/><\/a><\/div> <h3 class=\"page-list-ext-title\"><a href=\"https:\/\/www.distrettoagrumidisicilia.it\/fr\/galerie-photos\/blue-sea-land-2013\/\" title=\"Blue Sea Land en 2013 \u00e0 Mazara del Vallo\">Blue Sea Land en 2013 \u00e0 Mazara del Vallo<\/a><\/h3><div class=\"page-list-ext-item-content\">Une s\u00e9lection de photographies de le District Productif Agrumes de Sicile , la section \"Blue Sea Land en 2013 \u00e0 Mazara del Vallo \". \r\n\r\n\r\n<\/div><\/div>\n<div class=\"page-list-ext-item\"><div class=\"page-list-ext-image\"><a href=\"https:\/\/www.distrettoagrumidisicilia.it\/fr\/galerie-photos\/assemblee-des-souscripteurs\/\" title=\"12\/04\/2012 - Assembl\u00e9e des souscripteurs lu \u00e0 Catania\"><img src=\"https:\/\/www.distrettoagrumidisicilia.it\/wp-content\/uploads\/assemblea-sottoscrittori-catania_2012_017943.jpg\" width=\"150\" alt=\"12\/04\/2012 - Assembl\u00e9e des souscripteurs lu \u00e0 Catania\" \/><\/a><\/div> <h3 class=\"page-list-ext-title\"><a href=\"https:\/\/www.distrettoagrumidisicilia.it\/fr\/galerie-photos\/assemblee-des-souscripteurs\/\" title=\"12\/04\/2012 - Assembl\u00e9e des souscripteurs lu \u00e0 Catania\">12\/04\/2012 - Assembl\u00e9e des souscripteurs lu \u00e0 Catania<\/a><\/h3><div class=\"page-list-ext-item-content\">Une s\u00e9lection de photographies de le District Productif Agrumes de Sicile , la section \"Assembl\u00e9e des souscripteurs lu 12 avril 2012 \u00e0 Catania \". \r\n\r\n\r\n<\/div><\/div>\n<div class=\"page-list-ext-item\"><div class=\"page-list-ext-image\"><a href=\"https:\/\/www.distrettoagrumidisicilia.it\/fr\/galerie-photos\/salon-fruit-logistica-2012\/\" title=\"Salon &#039;Fruit Logistica&#039; en 2012 \u00e0 Berlin\"><img src=\"https:\/\/www.distrettoagrumidisicilia.it\/wp-content\/uploads\/fruit-logistica-berlino_2012_015006.jpg\" width=\"150\" alt=\"Salon &#039;Fruit Logistica&#039; en 2012 \u00e0 Berlin\" \/><\/a><\/div> <h3 class=\"page-list-ext-title\"><a href=\"https:\/\/www.distrettoagrumidisicilia.it\/fr\/galerie-photos\/salon-fruit-logistica-2012\/\" title=\"Salon &#039;Fruit Logistica&#039; en 2012 \u00e0 Berlin\">Salon 'Fruit Logistica' en 2012 \u00e0 Berlin<\/a><\/h3><div class=\"page-list-ext-item-content\">Une s\u00e9lection de photographies de le District Productif Agrumes de Sicile, la section \"Salon 'Fruit Logistica' en 2012 \u00e0 Berlin\". \r\n<\/div><\/div>\n<div class=\"page-list-ext-item\"><div class=\"page-list-ext-image\"><a href=\"https:\/\/www.distrettoagrumidisicilia.it\/fr\/galerie-photos\/macfrut-2011\/\" title=\"Macfrut 2011\"><img src=\"https:\/\/www.distrettoagrumidisicilia.it\/wp-content\/uploads\/macfrut-cesena_2011_014634.jpg\" width=\"150\" alt=\"Macfrut 2011\" \/><\/a><\/div> <h3 class=\"page-list-ext-title\"><a href=\"https:\/\/www.distrettoagrumidisicilia.it\/fr\/galerie-photos\/macfrut-2011\/\" title=\"Macfrut 2011\">Macfrut 2011<\/a><\/h3><div class=\"page-list-ext-item-content\">Une s\u00e9lection de photographies de le District Productif Agrumes de Sicile, la section \"Macfrut 2011\". \r\n\r\n\r\n<\/div><\/div>\n<div class=\"page-list-ext-item\"><div class=\"page-list-ext-image\"><a href=\"https:\/\/www.distrettoagrumidisicilia.it\/fr\/galerie-photos\/salon-fruit-logistica-2011\/\" title=\"Salon &#039;Fruit Logistica&#039; en 2011 \u00e0 Berlin\"><img src=\"https:\/\/www.distrettoagrumidisicilia.it\/wp-content\/uploads\/fruit-logistica-berlino_2011_017196.jpg\" width=\"150\" alt=\"Salon &#039;Fruit Logistica&#039; en 2011 \u00e0 Berlin\" \/><\/a><\/div> <h3 class=\"page-list-ext-title\"><a href=\"https:\/\/www.distrettoagrumidisicilia.it\/fr\/galerie-photos\/salon-fruit-logistica-2011\/\" title=\"Salon &#039;Fruit Logistica&#039; en 2011 \u00e0 Berlin\">Salon 'Fruit Logistica' en 2011 \u00e0 Berlin<\/a><\/h3><div class=\"page-list-ext-item-content\">Une s\u00e9lection de photographies de le District Productif Agrumes de Sicile, la section \"Salon 'Fruit Logistica' en 2011 \u00e0 Berlin\". \r\n\r\n\r\n<\/div><\/div>\n\n<\/div>\n","protected":false},"excerpt":{"rendered":"<p>Une s\u00e9lection de photographies de le District Productif Agrumes de Sicile.<\/p>\n","protected":false},"author":1,"featured_media":0,"parent":0,"menu_order":9,"comment_status":"open","ping_status":"open","template":"","meta":{"_et_pb_use_builder":"","_et_pb_old_content":"","_et_gb_content_width":"","_monsterinsights_skip_tracking":false,"_monsterinsights_sitenote_active":false,"_monsterinsights_sitenote_note":"","_monsterinsights_sitenote_category":0},"yoast_head":"<!-- This site is optimized with the Yoast SEO plugin v18.2 - https:\/\/yoast.com\/wordpress\/plugins\/seo\/ -->\n<title>Galerie de photos - District Productif Agrumes de Sicile<\/title>\n<meta name=\"robots\" content=\"index, follow, max-snippet:-1, max-image-preview:large, max-video-preview:-1\" \/>\n<link rel=\"canonical\" href=\"https:\/\/www.distrettoagrumidisicilia.it\/fr\/galerie-photos\/\" \/>\n<meta property=\"og:locale\" content=\"fr_FR\" \/>\n<meta property=\"og:type\" content=\"article\" \/>\n<meta property=\"og:title\" content=\"Galerie de photos - District Productif Agrumes de Sicile\" \/>\n<meta property=\"og:description\" content=\"Une s\u00e9lection de photographies de le District Productif Agrumes de Sicile.\" \/>\n<meta property=\"og:url\" content=\"https:\/\/www.distrettoagrumidisicilia.it\/fr\/galerie-photos\/\" \/>\n<meta property=\"og:site_name\" content=\"District Productif Agrumes de Sicile\" \/>\n<meta property=\"article:publisher\" content=\"https:\/\/www.facebook.com\/DistrettoAgrumidiSicilia\" \/>\n<meta property=\"article:modified_time\" content=\"2016-12-07T10:17:50+00:00\" \/>\n<meta name=\"twitter:card\" content=\"summary\" \/>\n<script type=\"application\/ld+json\" class=\"yoast-schema-graph\">{\"@context\":\"https:\/\/schema.org\",\"@graph\":[{\"@type\":\"WebSite\",\"@id\":\"https:\/\/www.distrettoagrumidisicilia.it\/fr\/#website\",\"url\":\"https:\/\/www.distrettoagrumidisicilia.it\/fr\/\",\"name\":\"District Productif Agrumes de Sicile\",\"description\":\"a territory, a shared strategy\",\"potentialAction\":[{\"@type\":\"SearchAction\",\"target\":{\"@type\":\"EntryPoint\",\"urlTemplate\":\"https:\/\/www.distrettoagrumidisicilia.it\/fr\/?s={search_term_string}\"},\"query-input\":\"required name=search_term_string\"}],\"inLanguage\":\"fr-FR\"},{\"@type\":\"WebPage\",\"@id\":\"https:\/\/www.distrettoagrumidisicilia.it\/fr\/galerie-photos\/#webpage\",\"url\":\"https:\/\/www.distrettoagrumidisicilia.it\/fr\/galerie-photos\/\",\"name\":\"Galerie de photos - District Productif Agrumes de Sicile\",\"isPartOf\":{\"@id\":\"https:\/\/www.distrettoagrumidisicilia.it\/fr\/#website\"},\"datePublished\":\"2016-12-01T00:00:00+00:00\",\"dateModified\":\"2016-12-07T10:17:50+00:00\",\"breadcrumb\":{\"@id\":\"https:\/\/www.distrettoagrumidisicilia.it\/fr\/galerie-photos\/#breadcrumb\"},\"inLanguage\":\"fr-FR\",\"potentialAction\":[{\"@type\":\"ReadAction\",\"target\":[\"https:\/\/www.distrettoagrumidisicilia.it\/fr\/galerie-photos\/\"]}]},{\"@type\":\"BreadcrumbList\",\"@id\":\"https:\/\/www.distrettoagrumidisicilia.it\/fr\/galerie-photos\/#breadcrumb\",\"itemListElement\":[{\"@type\":\"ListItem\",\"position\":1,\"name\":\"Home\",\"item\":\"https:\/\/www.distrettoagrumidisicilia.it\/fr\/\"},{\"@type\":\"ListItem\",\"position\":2,\"name\":\"Galerie de photos\"}]}]}<\/script>\n<!-- \/ Yoast SEO plugin. -->","yoast_head_json":{"title":"Galerie de photos - District Productif Agrumes de Sicile","robots":{"index":"index","follow":"follow","max-snippet":"max-snippet:-1","max-image-preview":"max-image-preview:large","max-video-preview":"max-video-preview:-1"},"canonical":"https:\/\/www.distrettoagrumidisicilia.it\/fr\/galerie-photos\/","og_locale":"fr_FR","og_type":"article","og_title":"Galerie de photos - District Productif Agrumes de Sicile","og_description":"Une s\u00e9lection de photographies de le District Productif Agrumes de Sicile.","og_url":"https:\/\/www.distrettoagrumidisicilia.it\/fr\/galerie-photos\/","og_site_name":"District Productif Agrumes de Sicile","article_publisher":"https:\/\/www.facebook.com\/DistrettoAgrumidiSicilia","article_modified_time":"2016-12-07T10:17:50+00:00","twitter_card":"summary","schema":{"@context":"https:\/\/schema.org","@graph":[{"@type":"WebSite","@id":"https:\/\/www.distrettoagrumidisicilia.it\/fr\/#website","url":"https:\/\/www.distrettoagrumidisicilia.it\/fr\/","name":"District Productif Agrumes de Sicile","description":"a territory, a shared strategy","potentialAction":[{"@type":"SearchAction","target":{"@type":"EntryPoint","urlTemplate":"https:\/\/www.distrettoagrumidisicilia.it\/fr\/?s={search_term_string}"},"query-input":"required name=search_term_string"}],"inLanguage":"fr-FR"},{"@type":"WebPage","@id":"https:\/\/www.distrettoagrumidisicilia.it\/fr\/galerie-photos\/#webpage","url":"https:\/\/www.distrettoagrumidisicilia.it\/fr\/galerie-photos\/","name":"Galerie de photos - District Productif Agrumes de Sicile","isPartOf":{"@id":"https:\/\/www.distrettoagrumidisicilia.it\/fr\/#website"},"datePublished":"2016-12-01T00:00:00+00:00","dateModified":"2016-12-07T10:17:50+00:00","breadcrumb":{"@id":"https:\/\/www.distrettoagrumidisicilia.it\/fr\/galerie-photos\/#breadcrumb"},"inLanguage":"fr-FR","potentialAction":[{"@type":"ReadAction","target":["https:\/\/www.distrettoagrumidisicilia.it\/fr\/galerie-photos\/"]}]},{"@type":"BreadcrumbList","@id":"https:\/\/www.distrettoagrumidisicilia.it\/fr\/galerie-photos\/#breadcrumb","itemListElement":[{"@type":"ListItem","position":1,"name":"Home","item":"https:\/\/www.distrettoagrumidisicilia.it\/fr\/"},{"@type":"ListItem","position":2,"name":"Galerie de photos"}]}]}},"_links":{"self":[{"href":"https:\/\/www.distrettoagrumidisicilia.it\/fr\/wp-json\/wp\/v2\/pages\/2612"}],"collection":[{"href":"https:\/\/www.distrettoagrumidisicilia.it\/fr\/wp-json\/wp\/v2\/pages"}],"about":[{"href":"https:\/\/www.distrettoagrumidisicilia.it\/fr\/wp-json\/wp\/v2\/types\/page"}],"author":[{"embeddable":true,"href":"https:\/\/www.distrettoagrumidisicilia.it\/fr\/wp-json\/wp\/v2\/users\/1"}],"replies":[{"embeddable":true,"href":"https:\/\/www.distrettoagrumidisicilia.it\/fr\/wp-json\/wp\/v2\/comments?post=2612"}],"version-history":[{"count":2,"href":"https:\/\/www.distrettoagrumidisicilia.it\/fr\/wp-json\/wp\/v2\/pages\/2612\/revisions"}],"predecessor-version":[{"id":2733,"href":"https:\/\/www.distrettoagrumidisicilia.it\/fr\/wp-json\/wp\/v2\/pages\/2612\/revisions\/2733"}],"wp:attachment":[{"href":"https:\/\/www.distrettoagrumidisicilia.it\/fr\/wp-json\/wp\/v2\/media?parent=2612"}],"curies":[{"name":"wp","href":"https:\/\/api.w.org\/{rel}","templated":true}]}}